{"id":2940,"date":"2018-07-25T08:53:25","date_gmt":"2018-07-25T06:53:25","guid":{"rendered":"https:\/\/www.mines-asphalte.ch\/a-propos-du-restaurant-de-laigle\/"},"modified":"2026-04-02T17:05:17","modified_gmt":"2026-04-02T15:05:17","slug":"cafe-des-mines","status":"publish","type":"page","link":"https:\/\/www.mines-asphalte.ch\/de\/cafe-des-mines\/","title":{"rendered":"\u00dcber das Caf\u00e9 des Mines"},"content":{"rendered":"<p>Willkommen im Restaurant \u00abCaf\u00e9 des Mines\u00bb Wir freuen uns und sind stolz darauf, Sie im \u00abCaf\u00e9 des Mines\u00bb begr\u00fcssen zu d\u00fcrfen! Unser Restaurant verf\u00fcgt \u00fcber einen gem\u00fctlichen holzget\u00e4felten Kaffeeraum mit grossem Kamin, einen Speisesaal und eine grossz\u00fcgige Terrasse. Unse <a href=\"https:\/\/www.mines-asphalte.ch\/de\/cafe-des-mines\/\" title=\"Read more on \u00dcber das Caf\u00e9 des Mines\" class=\"more-link\">mehr<\/a><\/p>\n","protected":false},"excerpt":{"rendered":"<p>Willkommen im Restaurant \u00abCaf\u00e9 des Mines\u00bb Wir freuen uns und sind stolz darauf, Sie im \u00abCaf\u00e9 des Mines\u00bb begr\u00fcssen zu d\u00fcrfen! Unser Restaurant verf\u00fcgt \u00fcber einen gem\u00fctlichen holzget\u00e4felten Kaffeeraum mit grossem Kamin, einen Speisesaal und eine grossz\u00fcgige Terrasse. Unse mehr<\/p>\n","protected":false},"author":1,"featured_media":0,"parent":0,"menu_order":0,"comment_status":"closed","ping_status":"closed","template":"","meta":[],"yoast_head":"<!-- This site is optimized with the Yoast SEO plugin v15.9.2 - https:\/\/yoast.com\/wordpress\/plugins\/seo\/ -->\n<title>Restaurant Caf\u00e9 des Mines -\u00a0Asphaltminen, Val-de-Travers<\/title>\n<meta name=\"description\" content=\"Bei uns geniessen Sie den einzigartigen Schinken im Asphalt gekocht sowie regionale und saisonale Spezialit\u00e4ten des Val-de-Travers.\" \/>\n<meta name=\"robots\" content=\"index, follow, max-snippet:-1, max-image-preview:large, max-video-preview:-1\" \/>\n<link rel=\"canonical\" href=\"https:\/\/www.mines-asphalte.ch\/de\/cafe-des-mines\/\" \/>\n<meta property=\"og:locale\" content=\"de_DE\" \/>\n<meta property=\"og:type\" content=\"article\" \/>\n<meta property=\"og:title\" content=\"Restaurant Caf\u00e9 des Mines -\u00a0Asphaltminen, Val-de-Travers\" \/>\n<meta property=\"og:description\" content=\"Bei uns geniessen Sie den einzigartigen Schinken im Asphalt gekocht sowie regionale und saisonale Spezialit\u00e4ten des Val-de-Travers.\" \/>\n<meta property=\"og:url\" content=\"https:\/\/www.mines-asphalte.ch\/de\/cafe-des-mines\/\" \/>\n<meta property=\"og:site_name\" content=\"Mines d&#039;asphalte | Val-de-Travers\" \/>\n<meta property=\"article:publisher\" content=\"https:\/\/www.facebook.com\/minesdasphalte\/\" \/>\n<meta property=\"article:modified_time\" content=\"2026-04-02T15:05:17+00:00\" \/>\n<meta name=\"twitter:card\" content=\"summary_large_image\" \/>\n<meta name=\"twitter:label1\" content=\"Gesch\u00e4tzte Lesezeit\">\n\t<meta name=\"twitter:data1\" content=\"6\u00a0Minuten\">\n<script type=\"application\/ld+json\" class=\"yoast-schema-graph\">{\"@context\":\"https:\/\/schema.org\",\"@graph\":[{\"@type\":\"Organization\",\"@id\":\"https:\/\/www.mines-asphalte.ch\/de\/#organization\",\"name\":\"Mines d'asphalte\",\"url\":\"https:\/\/www.mines-asphalte.ch\/de\/\",\"sameAs\":[\"https:\/\/www.facebook.com\/minesdasphalte\/\",\"https:\/\/www.instagram.com\/minesdasphalte\/\",\"https:\/\/www.youtube.com\/channel\/UCNGCZAPNcog8kEQ4mUAPYkw\"],\"logo\":{\"@type\":\"ImageObject\",\"@id\":\"https:\/\/www.mines-asphalte.ch\/de\/#logo\",\"inLanguage\":\"de\",\"url\":\"https:\/\/www.mines-asphalte.ch\/wp-content\/uploads\/2019\/10\/MIN_logo_19_F_brun.png\",\"width\":1548,\"height\":323,\"caption\":\"Mines d'asphalte\"},\"image\":{\"@id\":\"https:\/\/www.mines-asphalte.ch\/de\/#logo\"}},{\"@type\":\"WebSite\",\"@id\":\"https:\/\/www.mines-asphalte.ch\/de\/#website\",\"url\":\"https:\/\/www.mines-asphalte.ch\/de\/\",\"name\":\"Mines d'asphalte | Val-de-Travers\",\"description\":\"\",\"publisher\":{\"@id\":\"https:\/\/www.mines-asphalte.ch\/de\/#organization\"},\"potentialAction\":[{\"@type\":\"SearchAction\",\"target\":\"https:\/\/www.mines-asphalte.ch\/de\/?s={search_term_string}\",\"query-input\":\"required name=search_term_string\"}],\"inLanguage\":\"de\"},{\"@type\":\"WebPage\",\"@id\":\"https:\/\/www.mines-asphalte.ch\/de\/cafe-des-mines\/#webpage\",\"url\":\"https:\/\/www.mines-asphalte.ch\/de\/cafe-des-mines\/\",\"name\":\"Restaurant Caf\\u00e9 des Mines -\\u00a0Asphaltminen, Val-de-Travers\",\"isPartOf\":{\"@id\":\"https:\/\/www.mines-asphalte.ch\/de\/#website\"},\"datePublished\":\"2018-07-25T06:53:25+00:00\",\"dateModified\":\"2026-04-02T15:05:17+00:00\",\"description\":\"Bei uns geniessen Sie den einzigartigen Schinken im Asphalt gekocht sowie regionale und saisonale Spezialit\\u00e4ten des Val-de-Travers.\",\"breadcrumb\":{\"@id\":\"https:\/\/www.mines-asphalte.ch\/de\/cafe-des-mines\/#breadcrumb\"},\"inLanguage\":\"de\",\"potentialAction\":[{\"@type\":\"ReadAction\",\"target\":[\"https:\/\/www.mines-asphalte.ch\/de\/cafe-des-mines\/\"]}]},{\"@type\":\"BreadcrumbList\",\"@id\":\"https:\/\/www.mines-asphalte.ch\/de\/cafe-des-mines\/#breadcrumb\",\"itemListElement\":[{\"@type\":\"ListItem\",\"position\":1,\"item\":{\"@type\":\"WebPage\",\"@id\":\"https:\/\/www.mines-asphalte.ch\/de\/\",\"url\":\"https:\/\/www.mines-asphalte.ch\/de\/\",\"name\":\"Accueil\"}},{\"@type\":\"ListItem\",\"position\":2,\"item\":{\"@type\":\"WebPage\",\"@id\":\"https:\/\/www.mines-asphalte.ch\/de\/cafe-des-mines\/\",\"url\":\"https:\/\/www.mines-asphalte.ch\/de\/cafe-des-mines\/\",\"name\":\"\\u00dcber das Caf\\u00e9 des Mines\"}}]}]}<\/script>\n<!-- \/ Yoast SEO plugin. -->","_links":{"self":[{"href":"https:\/\/www.mines-asphalte.ch\/de\/wp-json\/wp\/v2\/pages\/2940"}],"collection":[{"href":"https:\/\/www.mines-asphalte.ch\/de\/wp-json\/wp\/v2\/pages"}],"about":[{"href":"https:\/\/www.mines-asphalte.ch\/de\/wp-json\/wp\/v2\/types\/page"}],"author":[{"embeddable":true,"href":"https:\/\/www.mines-asphalte.ch\/de\/wp-json\/wp\/v2\/users\/1"}],"replies":[{"embeddable":true,"href":"https:\/\/www.mines-asphalte.ch\/de\/wp-json\/wp\/v2\/comments?post=2940"}],"version-history":[{"count":73,"href":"https:\/\/www.mines-asphalte.ch\/de\/wp-json\/wp\/v2\/pages\/2940\/revisions"}],"predecessor-version":[{"id":12131,"href":"https:\/\/www.mines-asphalte.ch\/de\/wp-json\/wp\/v2\/pages\/2940\/revisions\/12131"}],"wp:attachment":[{"href":"https:\/\/www.mines-asphalte.ch\/de\/wp-json\/wp\/v2\/media?parent=2940"}],"curies":[{"name":"wp","href":"https:\/\/api.w.org\/{rel}","templated":true}]}}